{"id":954,"date":"2021-01-14T10:05:52","date_gmt":"2021-01-14T10:05:52","guid":{"rendered":"https:\/\/www.vetreriarodi.it\/?post_type=product&#038;p=954"},"modified":"2024-09-16T14:35:42","modified_gmt":"2024-09-16T14:35:42","slug":"vetro-temperato-assemblato","status":"publish","type":"product","link":"https:\/\/www.vetreriarodi.it\/index.php\/prodotto\/vetro-temperato-assemblato\/","title":{"rendered":"Vetro Temperato Assemblato"},"content":{"rendered":"<p>La tecnica di laminazione del vetro consiste nella stratificazione di due o pi\u00f9 lastre di vetro con uno o due fogli di materiale plastico. Quest\u2019ultimo pu\u00f2 essere di varie tipologie: si va dal pi\u00f9 classico polivinilbutirrale (PVB) all\u2019etilene vinil acetato (\u00c8VA), ed altri, l\u2019importante \u00e8 che fornisca ottime propriet\u00e0 di aderenza, stabilit\u00e0, filtrazione e termomeccanicit\u00e0 per realizzare un valido vetro di sicurezza in caso di rottura.<br \/>\nLa produzione la si ottiene in un apposito impianto di stratificazione, dove i fogli di materiale plastico e il vetro vengono pressati, sottoposti a un processo di riscaldamento e al cosiddetto \u201ceffetto sottovuoto\u201d fra i vari strati. L\u2019azione combinata di calore e pressione rende il vetro stratificato perfettamente, stabile e resistente, con un occhio al design e all\u2019estetica.<\/p>\n","protected":false},"excerpt":{"rendered":"<p>La tecnica di laminazione del vetro consiste nella stratificazione di due o pi\u00f9 lastre di vetro con uno o due fogli di materiale plastico. Quest\u2019ultimo pu\u00f2 essere di varie tipologie: si va dal pi\u00f9 classico polivinilbutirrale (PVB) all\u2019etilene vinil acetato (\u00c8VA), ed altri, l\u2019importante \u00e8 che fornisca ottime propriet\u00e0 di aderenza, stabilit\u00e0, filtrazione e termomeccanicit\u00e0 [&hellip;]<\/p>\n","protected":false},"featured_media":1022,"template":"","meta":{"site-sidebar-layout":"default","site-content-layout":"","ast-site-content-layout":"default","site-content-style":"default","site-sidebar-style":"default","ast-global-header-display":"","ast-banner-title-visibility":"","ast-main-header-display":"","ast-hfb-above-header-display":"","ast-hfb-below-header-display":"","ast-hfb-mobile-header-display":"","site-post-title":"","ast-breadcrumbs-content":"","ast-featured-img":"","footer-sml-layout":"","ast-disable-related-posts":"","theme-transparent-header-meta":"default","adv-header-id-meta":"","stick-header-meta":"","header-above-stick-meta":"","header-main-stick-meta":"","header-below-stick-meta":"","astra-migrate-meta-layouts":"set","ast-page-background-enabled":"default","ast-page-background-meta":{"desktop":{"background-color":"var(--ast-global-color-4)","background-image":"","background-repeat":"repeat","background-position":"center center","background-size":"auto","background-attachment":"scroll","background-type":"","background-media":"","overlay-type":"","overlay-color":"","overlay-opacity":"","overlay-gradient":""},"tablet":{"background-color":"","background-image":"","background-repeat":"repeat","background-position":"center center","background-size":"auto","background-attachment":"scroll","background-type":"","background-media":"","overlay-type":"","overlay-color":"","overlay-opacity":"","overlay-gradient":""},"mobile":{"background-color":"","background-image":"","background-repeat":"repeat","background-position":"center center","background-size":"auto","background-attachment":"scroll","background-type":"","background-media":"","overlay-type":"","overlay-color":"","overlay-opacity":"","overlay-gradient":""}},"ast-content-background-meta":{"desktop":{"background-color":"var(--ast-global-color-5)","background-image":"","background-repeat":"repeat","background-position":"center center","background-size":"auto","background-attachment":"scroll","background-type":"","background-media":"","overlay-type":"","overlay-color":"","overlay-opacity":"","overlay-gradient":""},"tablet":{"background-color":"var(--ast-global-color-5)","background-image":"","background-repeat":"repeat","background-position":"center center","background-size":"auto","background-attachment":"scroll","background-type":"","background-media":"","overlay-type":"","overlay-color":"","overlay-opacity":"","overlay-gradient":""},"mobile":{"background-color":"var(--ast-global-color-5)","background-image":"","background-repeat":"repeat","background-position":"center center","background-size":"auto","background-attachment":"scroll","background-type":"","background-media":"","overlay-type":"","overlay-color":"","overlay-opacity":"","overlay-gradient":""}}},"product_brand":[],"product_cat":[65],"product_tag":[],"class_list":{"0":"post-954","1":"product","2":"type-product","3":"status-publish","4":"has-post-thumbnail","6":"product_cat-vetri","7":"desktop-align-left","8":"tablet-align-left","9":"mobile-align-left","11":"first","12":"instock","13":"sold-individually","14":"shipping-taxable","15":"purchasable","16":"product-type-simple"},"yoast_head":"<!-- This site is optimized with the Yoast SEO plugin v27.3 - https:\/\/yoast.com\/product\/yoast-seo-wordpress\/ -->\n<title>Vetro Temperato Assemblato - Vetreria Rodi Genova<\/title>\n<meta name=\"description\" content=\"La tecnica di laminazione del vetro consiste nella stratificazione di due o pi\u00f9 lastre di vetro con uno o due fogli di materiale plastico.\" \/>\n<meta name=\"robots\" content=\"index, follow, max-snippet:-1, max-image-preview:large, max-video-preview:-1\" \/>\n<link rel=\"canonical\" href=\"https:\/\/www.vetreriarodi.it\/index.php\/prodotto\/vetro-temperato-assemblato\/\" \/>\n<meta property=\"og:locale\" content=\"it_IT\" \/>\n<meta property=\"og:type\" content=\"article\" \/>\n<meta property=\"og:title\" content=\"Vetro Temperato Assemblato - Vetreria Rodi Genova\" \/>\n<meta property=\"og:description\" content=\"La tecnica di laminazione del vetro consiste nella stratificazione di due o pi\u00f9 lastre di vetro con uno o due fogli di materiale plastico.\" \/>\n<meta property=\"og:url\" content=\"https:\/\/www.vetreriarodi.it\/index.php\/prodotto\/vetro-temperato-assemblato\/\" \/>\n<meta property=\"og:site_name\" content=\"Vetreria Rodi Genova\" \/>\n<meta property=\"article:modified_time\" content=\"2024-09-16T14:35:42+00:00\" \/>\n<meta property=\"og:image\" content=\"https:\/\/www.vetreriarodi.it\/wp-content\/uploads\/2021\/01\/vetro-temperato-assemblato.jpg\" \/>\n\t<meta property=\"og:image:width\" content=\"300\" \/>\n\t<meta property=\"og:image:height\" content=\"300\" \/>\n\t<meta property=\"og:image:type\" content=\"image\/jpeg\" \/>\n<meta name=\"twitter:card\" content=\"summary_large_image\" \/>\n<meta name=\"twitter:label1\" content=\"Tempo di lettura stimato\" \/>\n\t<meta name=\"twitter:data1\" content=\"1 minuto\" \/>\n<script type=\"application\/ld+json\" class=\"yoast-schema-graph\">{\"@context\":\"https:\\\/\\\/schema.org\",\"@graph\":[{\"@type\":\"WebPage\",\"@id\":\"https:\\\/\\\/www.vetreriarodi.it\\\/index.php\\\/prodotto\\\/vetro-temperato-assemblato\\\/\",\"url\":\"https:\\\/\\\/www.vetreriarodi.it\\\/index.php\\\/prodotto\\\/vetro-temperato-assemblato\\\/\",\"name\":\"Vetro Temperato Assemblato - Vetreria Rodi Genova\",\"isPartOf\":{\"@id\":\"https:\\\/\\\/www.vetreriarodi.it\\\/#website\"},\"primaryImageOfPage\":{\"@id\":\"https:\\\/\\\/www.vetreriarodi.it\\\/index.php\\\/prodotto\\\/vetro-temperato-assemblato\\\/#primaryimage\"},\"image\":{\"@id\":\"https:\\\/\\\/www.vetreriarodi.it\\\/index.php\\\/prodotto\\\/vetro-temperato-assemblato\\\/#primaryimage\"},\"thumbnailUrl\":\"https:\\\/\\\/www.vetreriarodi.it\\\/wp-content\\\/uploads\\\/2021\\\/01\\\/vetro-temperato-assemblato.jpg\",\"datePublished\":\"2021-01-14T10:05:52+00:00\",\"dateModified\":\"2024-09-16T14:35:42+00:00\",\"description\":\"La tecnica di laminazione del vetro consiste nella stratificazione di due o pi\u00f9 lastre di vetro con uno o due fogli di materiale plastico.\",\"breadcrumb\":{\"@id\":\"https:\\\/\\\/www.vetreriarodi.it\\\/index.php\\\/prodotto\\\/vetro-temperato-assemblato\\\/#breadcrumb\"},\"inLanguage\":\"it-IT\",\"potentialAction\":[{\"@type\":\"ReadAction\",\"target\":[\"https:\\\/\\\/www.vetreriarodi.it\\\/index.php\\\/prodotto\\\/vetro-temperato-assemblato\\\/\"]}]},{\"@type\":\"ImageObject\",\"inLanguage\":\"it-IT\",\"@id\":\"https:\\\/\\\/www.vetreriarodi.it\\\/index.php\\\/prodotto\\\/vetro-temperato-assemblato\\\/#primaryimage\",\"url\":\"https:\\\/\\\/www.vetreriarodi.it\\\/wp-content\\\/uploads\\\/2021\\\/01\\\/vetro-temperato-assemblato.jpg\",\"contentUrl\":\"https:\\\/\\\/www.vetreriarodi.it\\\/wp-content\\\/uploads\\\/2021\\\/01\\\/vetro-temperato-assemblato.jpg\",\"width\":300,\"height\":300},{\"@type\":\"BreadcrumbList\",\"@id\":\"https:\\\/\\\/www.vetreriarodi.it\\\/index.php\\\/prodotto\\\/vetro-temperato-assemblato\\\/#breadcrumb\",\"itemListElement\":[{\"@type\":\"ListItem\",\"position\":1,\"name\":\"Home\",\"item\":\"https:\\\/\\\/www.vetreriarodi.it\\\/\"},{\"@type\":\"ListItem\",\"position\":2,\"name\":\"Shop\",\"item\":\"https:\\\/\\\/www.vetreriarodi.it\\\/index.php\\\/negozio\\\/\"},{\"@type\":\"ListItem\",\"position\":3,\"name\":\"Vetro Temperato Assemblato\"}]},{\"@type\":\"WebSite\",\"@id\":\"https:\\\/\\\/www.vetreriarodi.it\\\/#website\",\"url\":\"https:\\\/\\\/www.vetreriarodi.it\\\/\",\"name\":\"Vetreria Rodi Genova\",\"description\":\"Vetri e specchi su misura\",\"publisher\":{\"@id\":\"https:\\\/\\\/www.vetreriarodi.it\\\/#organization\"},\"potentialAction\":[{\"@type\":\"SearchAction\",\"target\":{\"@type\":\"EntryPoint\",\"urlTemplate\":\"https:\\\/\\\/www.vetreriarodi.it\\\/?s={search_term_string}\"},\"query-input\":{\"@type\":\"PropertyValueSpecification\",\"valueRequired\":true,\"valueName\":\"search_term_string\"}}],\"inLanguage\":\"it-IT\"},{\"@type\":\"Organization\",\"@id\":\"https:\\\/\\\/www.vetreriarodi.it\\\/#organization\",\"name\":\"Vetreria Rodi Genova\",\"url\":\"https:\\\/\\\/www.vetreriarodi.it\\\/\",\"logo\":{\"@type\":\"ImageObject\",\"inLanguage\":\"it-IT\",\"@id\":\"https:\\\/\\\/www.vetreriarodi.it\\\/#\\\/schema\\\/logo\\\/image\\\/\",\"url\":\"https:\\\/\\\/www.vetreriarodi.it\\\/wp-content\\\/uploads\\\/2021\\\/11\\\/cropped-vetreriarodi-logo.png\",\"contentUrl\":\"https:\\\/\\\/www.vetreriarodi.it\\\/wp-content\\\/uploads\\\/2021\\\/11\\\/cropped-vetreriarodi-logo.png\",\"width\":340,\"height\":156,\"caption\":\"Vetreria Rodi Genova\"},\"image\":{\"@id\":\"https:\\\/\\\/www.vetreriarodi.it\\\/#\\\/schema\\\/logo\\\/image\\\/\"}}]}<\/script>\n<!-- \/ Yoast SEO plugin. -->","yoast_head_json":{"title":"Vetro Temperato Assemblato - Vetreria Rodi Genova","description":"La tecnica di laminazione del vetro consiste nella stratificazione di due o pi\u00f9 lastre di vetro con uno o due fogli di materiale plastico.","robots":{"index":"index","follow":"follow","max-snippet":"max-snippet:-1","max-image-preview":"max-image-preview:large","max-video-preview":"max-video-preview:-1"},"canonical":"https:\/\/www.vetreriarodi.it\/index.php\/prodotto\/vetro-temperato-assemblato\/","og_locale":"it_IT","og_type":"article","og_title":"Vetro Temperato Assemblato - Vetreria Rodi Genova","og_description":"La tecnica di laminazione del vetro consiste nella stratificazione di due o pi\u00f9 lastre di vetro con uno o due fogli di materiale plastico.","og_url":"https:\/\/www.vetreriarodi.it\/index.php\/prodotto\/vetro-temperato-assemblato\/","og_site_name":"Vetreria Rodi Genova","article_modified_time":"2024-09-16T14:35:42+00:00","og_image":[{"width":300,"height":300,"url":"https:\/\/www.vetreriarodi.it\/wp-content\/uploads\/2021\/01\/vetro-temperato-assemblato.jpg","type":"image\/jpeg"}],"twitter_card":"summary_large_image","twitter_misc":{"Tempo di lettura stimato":"1 minuto"},"schema":{"@context":"https:\/\/schema.org","@graph":[{"@type":"WebPage","@id":"https:\/\/www.vetreriarodi.it\/index.php\/prodotto\/vetro-temperato-assemblato\/","url":"https:\/\/www.vetreriarodi.it\/index.php\/prodotto\/vetro-temperato-assemblato\/","name":"Vetro Temperato Assemblato - Vetreria Rodi Genova","isPartOf":{"@id":"https:\/\/www.vetreriarodi.it\/#website"},"primaryImageOfPage":{"@id":"https:\/\/www.vetreriarodi.it\/index.php\/prodotto\/vetro-temperato-assemblato\/#primaryimage"},"image":{"@id":"https:\/\/www.vetreriarodi.it\/index.php\/prodotto\/vetro-temperato-assemblato\/#primaryimage"},"thumbnailUrl":"https:\/\/www.vetreriarodi.it\/wp-content\/uploads\/2021\/01\/vetro-temperato-assemblato.jpg","datePublished":"2021-01-14T10:05:52+00:00","dateModified":"2024-09-16T14:35:42+00:00","description":"La tecnica di laminazione del vetro consiste nella stratificazione di due o pi\u00f9 lastre di vetro con uno o due fogli di materiale plastico.","breadcrumb":{"@id":"https:\/\/www.vetreriarodi.it\/index.php\/prodotto\/vetro-temperato-assemblato\/#breadcrumb"},"inLanguage":"it-IT","potentialAction":[{"@type":"ReadAction","target":["https:\/\/www.vetreriarodi.it\/index.php\/prodotto\/vetro-temperato-assemblato\/"]}]},{"@type":"ImageObject","inLanguage":"it-IT","@id":"https:\/\/www.vetreriarodi.it\/index.php\/prodotto\/vetro-temperato-assemblato\/#primaryimage","url":"https:\/\/www.vetreriarodi.it\/wp-content\/uploads\/2021\/01\/vetro-temperato-assemblato.jpg","contentUrl":"https:\/\/www.vetreriarodi.it\/wp-content\/uploads\/2021\/01\/vetro-temperato-assemblato.jpg","width":300,"height":300},{"@type":"BreadcrumbList","@id":"https:\/\/www.vetreriarodi.it\/index.php\/prodotto\/vetro-temperato-assemblato\/#breadcrumb","itemListElement":[{"@type":"ListItem","position":1,"name":"Home","item":"https:\/\/www.vetreriarodi.it\/"},{"@type":"ListItem","position":2,"name":"Shop","item":"https:\/\/www.vetreriarodi.it\/index.php\/negozio\/"},{"@type":"ListItem","position":3,"name":"Vetro Temperato Assemblato"}]},{"@type":"WebSite","@id":"https:\/\/www.vetreriarodi.it\/#website","url":"https:\/\/www.vetreriarodi.it\/","name":"Vetreria Rodi Genova","description":"Vetri e specchi su misura","publisher":{"@id":"https:\/\/www.vetreriarodi.it\/#organization"},"potentialAction":[{"@type":"SearchAction","target":{"@type":"EntryPoint","urlTemplate":"https:\/\/www.vetreriarodi.it\/?s={search_term_string}"},"query-input":{"@type":"PropertyValueSpecification","valueRequired":true,"valueName":"search_term_string"}}],"inLanguage":"it-IT"},{"@type":"Organization","@id":"https:\/\/www.vetreriarodi.it\/#organization","name":"Vetreria Rodi Genova","url":"https:\/\/www.vetreriarodi.it\/","logo":{"@type":"ImageObject","inLanguage":"it-IT","@id":"https:\/\/www.vetreriarodi.it\/#\/schema\/logo\/image\/","url":"https:\/\/www.vetreriarodi.it\/wp-content\/uploads\/2021\/11\/cropped-vetreriarodi-logo.png","contentUrl":"https:\/\/www.vetreriarodi.it\/wp-content\/uploads\/2021\/11\/cropped-vetreriarodi-logo.png","width":340,"height":156,"caption":"Vetreria Rodi Genova"},"image":{"@id":"https:\/\/www.vetreriarodi.it\/#\/schema\/logo\/image\/"}}]}},"_links":{"self":[{"href":"https:\/\/www.vetreriarodi.it\/index.php\/wp-json\/wp\/v2\/product\/954","targetHints":{"allow":["GET"]}}],"collection":[{"href":"https:\/\/www.vetreriarodi.it\/index.php\/wp-json\/wp\/v2\/product"}],"about":[{"href":"https:\/\/www.vetreriarodi.it\/index.php\/wp-json\/wp\/v2\/types\/product"}],"wp:featuredmedia":[{"embeddable":true,"href":"https:\/\/www.vetreriarodi.it\/index.php\/wp-json\/wp\/v2\/media\/1022"}],"wp:attachment":[{"href":"https:\/\/www.vetreriarodi.it\/index.php\/wp-json\/wp\/v2\/media?parent=954"}],"wp:term":[{"taxonomy":"product_brand","embeddable":true,"href":"https:\/\/www.vetreriarodi.it\/index.php\/wp-json\/wp\/v2\/product_brand?post=954"},{"taxonomy":"product_cat","embeddable":true,"href":"https:\/\/www.vetreriarodi.it\/index.php\/wp-json\/wp\/v2\/product_cat?post=954"},{"taxonomy":"product_tag","embeddable":true,"href":"https:\/\/www.vetreriarodi.it\/index.php\/wp-json\/wp\/v2\/product_tag?post=954"}],"curies":[{"name":"wp","href":"https:\/\/api.w.org\/{rel}","templated":true}]}}