{"id":930,"date":"2021-01-13T15:18:12","date_gmt":"2021-01-13T15:18:12","guid":{"rendered":"https:\/\/www.vetreriarodi.it\/?post_type=product&#038;p=930"},"modified":"2024-09-16T14:39:41","modified_gmt":"2024-09-16T14:39:41","slug":"vetro-generico","status":"publish","type":"product","link":"https:\/\/www.vetreriarodi.it\/index.php\/prodotto\/vetro-generico\/","title":{"rendered":"Vetro Generico"},"content":{"rendered":"<p>Il vetro Stampato<br \/>\nIl vetro Stampato \u00e8 un vetro con una faccia traslucida, che al momento della produzione \u00e8 stato stampato attraverso dei rulli metallici che gli hanno impresso un disegno. La ricerca di questo tipo di vetro \u00e8 dovuta al bisogno di avere dei vetri, per uso interno o esterno, che lascino passare le radiazioni luminose, ma non gli sguardi.<\/p>\n<p>Il vetro Retinato<br \/>\nNel vetro Retinato o Armato viene immersa un\u2019armatura di fili metallici cromati incrociati a formare una maglia metallica saldata. Pu\u00f2 presentarsi trasparente o stampato.<\/p>\n","protected":false},"excerpt":{"rendered":"<p>Il vetro Stampato Il vetro Stampato \u00e8 un vetro con una faccia traslucida, che al momento della produzione \u00e8 stato stampato attraverso dei rulli metallici che gli hanno impresso un disegno. La ricerca di questo tipo di vetro \u00e8 dovuta al bisogno di avere dei vetri, per uso interno o esterno, che lascino passare le [&hellip;]<\/p>\n","protected":false},"featured_media":1018,"template":"","meta":{"site-sidebar-layout":"default","site-content-layout":"","ast-site-content-layout":"default","site-content-style":"default","site-sidebar-style":"default","ast-global-header-display":"","ast-banner-title-visibility":"","ast-main-header-display":"","ast-hfb-above-header-display":"","ast-hfb-below-header-display":"","ast-hfb-mobile-header-display":"","site-post-title":"","ast-breadcrumbs-content":"","ast-featured-img":"","footer-sml-layout":"","ast-disable-related-posts":"","theme-transparent-header-meta":"default","adv-header-id-meta":"","stick-header-meta":"","header-above-stick-meta":"","header-main-stick-meta":"","header-below-stick-meta":"","astra-migrate-meta-layouts":"set","ast-page-background-enabled":"default","ast-page-background-meta":{"desktop":{"background-color":"var(--ast-global-color-4)","background-image":"","background-repeat":"repeat","background-position":"center center","background-size":"auto","background-attachment":"scroll","background-type":"","background-media":"","overlay-type":"","overlay-color":"","overlay-opacity":"","overlay-gradient":""},"tablet":{"background-color":"","background-image":"","background-repeat":"repeat","background-position":"center center","background-size":"auto","background-attachment":"scroll","background-type":"","background-media":"","overlay-type":"","overlay-color":"","overlay-opacity":"","overlay-gradient":""},"mobile":{"background-color":"","background-image":"","background-repeat":"repeat","background-position":"center center","background-size":"auto","background-attachment":"scroll","background-type":"","background-media":"","overlay-type":"","overlay-color":"","overlay-opacity":"","overlay-gradient":""}},"ast-content-background-meta":{"desktop":{"background-color":"var(--ast-global-color-5)","background-image":"","background-repeat":"repeat","background-position":"center center","background-size":"auto","background-attachment":"scroll","background-type":"","background-media":"","overlay-type":"","overlay-color":"","overlay-opacity":"","overlay-gradient":""},"tablet":{"background-color":"var(--ast-global-color-5)","background-image":"","background-repeat":"repeat","background-position":"center center","background-size":"auto","background-attachment":"scroll","background-type":"","background-media":"","overlay-type":"","overlay-color":"","overlay-opacity":"","overlay-gradient":""},"mobile":{"background-color":"var(--ast-global-color-5)","background-image":"","background-repeat":"repeat","background-position":"center center","background-size":"auto","background-attachment":"scroll","background-type":"","background-media":"","overlay-type":"","overlay-color":"","overlay-opacity":"","overlay-gradient":""}}},"product_brand":[],"product_cat":[65],"product_tag":[],"class_list":{"0":"post-930","1":"product","2":"type-product","3":"status-publish","4":"has-post-thumbnail","6":"product_cat-vetri","7":"desktop-align-left","8":"tablet-align-left","9":"mobile-align-left","11":"first","12":"instock","13":"sold-individually","14":"shipping-taxable","15":"purchasable","16":"product-type-simple"},"yoast_head":"<!-- This site is optimized with the Yoast SEO plugin v27.3 - https:\/\/yoast.com\/product\/yoast-seo-wordpress\/ -->\n<title>Vetro Generico - Vetreria Rodi Genova<\/title>\n<meta name=\"description\" content=\"Il vetro Stampato \u00e8 un vetro con una faccia traslucida. Nel vetro Retinato o Armato viene immersa un\u2019armatura di fili metallici cromati.\" \/>\n<meta name=\"robots\" content=\"index, follow, max-snippet:-1, max-image-preview:large, max-video-preview:-1\" \/>\n<link rel=\"canonical\" href=\"https:\/\/www.vetreriarodi.it\/index.php\/prodotto\/vetro-generico\/\" \/>\n<meta property=\"og:locale\" content=\"it_IT\" \/>\n<meta property=\"og:type\" content=\"article\" \/>\n<meta property=\"og:title\" content=\"Vetro Generico - Vetreria Rodi Genova\" \/>\n<meta property=\"og:description\" content=\"Il vetro Stampato \u00e8 un vetro con una faccia traslucida. Nel vetro Retinato o Armato viene immersa un\u2019armatura di fili metallici cromati.\" \/>\n<meta property=\"og:url\" content=\"https:\/\/www.vetreriarodi.it\/index.php\/prodotto\/vetro-generico\/\" \/>\n<meta property=\"og:site_name\" content=\"Vetreria Rodi Genova\" \/>\n<meta property=\"article:modified_time\" content=\"2024-09-16T14:39:41+00:00\" \/>\n<meta property=\"og:image\" content=\"https:\/\/www.vetreriarodi.it\/wp-content\/uploads\/2021\/01\/vetro-generico-new.jpg\" \/>\n\t<meta property=\"og:image:width\" content=\"300\" \/>\n\t<meta property=\"og:image:height\" content=\"300\" \/>\n\t<meta property=\"og:image:type\" content=\"image\/jpeg\" \/>\n<meta name=\"twitter:card\" content=\"summary_large_image\" \/>\n<meta name=\"twitter:label1\" content=\"Tempo di lettura stimato\" \/>\n\t<meta name=\"twitter:data1\" content=\"1 minuto\" \/>\n<script type=\"application\/ld+json\" class=\"yoast-schema-graph\">{\"@context\":\"https:\\\/\\\/schema.org\",\"@graph\":[{\"@type\":\"WebPage\",\"@id\":\"https:\\\/\\\/www.vetreriarodi.it\\\/index.php\\\/prodotto\\\/vetro-generico\\\/\",\"url\":\"https:\\\/\\\/www.vetreriarodi.it\\\/index.php\\\/prodotto\\\/vetro-generico\\\/\",\"name\":\"Vetro Generico - Vetreria Rodi Genova\",\"isPartOf\":{\"@id\":\"https:\\\/\\\/www.vetreriarodi.it\\\/#website\"},\"primaryImageOfPage\":{\"@id\":\"https:\\\/\\\/www.vetreriarodi.it\\\/index.php\\\/prodotto\\\/vetro-generico\\\/#primaryimage\"},\"image\":{\"@id\":\"https:\\\/\\\/www.vetreriarodi.it\\\/index.php\\\/prodotto\\\/vetro-generico\\\/#primaryimage\"},\"thumbnailUrl\":\"https:\\\/\\\/www.vetreriarodi.it\\\/wp-content\\\/uploads\\\/2021\\\/01\\\/vetro-generico-new.jpg\",\"datePublished\":\"2021-01-13T15:18:12+00:00\",\"dateModified\":\"2024-09-16T14:39:41+00:00\",\"description\":\"Il vetro Stampato \u00e8 un vetro con una faccia traslucida. Nel vetro Retinato o Armato viene immersa un\u2019armatura di fili metallici cromati.\",\"breadcrumb\":{\"@id\":\"https:\\\/\\\/www.vetreriarodi.it\\\/index.php\\\/prodotto\\\/vetro-generico\\\/#breadcrumb\"},\"inLanguage\":\"it-IT\",\"potentialAction\":[{\"@type\":\"ReadAction\",\"target\":[\"https:\\\/\\\/www.vetreriarodi.it\\\/index.php\\\/prodotto\\\/vetro-generico\\\/\"]}]},{\"@type\":\"ImageObject\",\"inLanguage\":\"it-IT\",\"@id\":\"https:\\\/\\\/www.vetreriarodi.it\\\/index.php\\\/prodotto\\\/vetro-generico\\\/#primaryimage\",\"url\":\"https:\\\/\\\/www.vetreriarodi.it\\\/wp-content\\\/uploads\\\/2021\\\/01\\\/vetro-generico-new.jpg\",\"contentUrl\":\"https:\\\/\\\/www.vetreriarodi.it\\\/wp-content\\\/uploads\\\/2021\\\/01\\\/vetro-generico-new.jpg\",\"width\":300,\"height\":300},{\"@type\":\"BreadcrumbList\",\"@id\":\"https:\\\/\\\/www.vetreriarodi.it\\\/index.php\\\/prodotto\\\/vetro-generico\\\/#breadcrumb\",\"itemListElement\":[{\"@type\":\"ListItem\",\"position\":1,\"name\":\"Home\",\"item\":\"https:\\\/\\\/www.vetreriarodi.it\\\/\"},{\"@type\":\"ListItem\",\"position\":2,\"name\":\"Shop\",\"item\":\"https:\\\/\\\/www.vetreriarodi.it\\\/index.php\\\/negozio\\\/\"},{\"@type\":\"ListItem\",\"position\":3,\"name\":\"Vetro Generico\"}]},{\"@type\":\"WebSite\",\"@id\":\"https:\\\/\\\/www.vetreriarodi.it\\\/#website\",\"url\":\"https:\\\/\\\/www.vetreriarodi.it\\\/\",\"name\":\"Vetreria Rodi Genova\",\"description\":\"Vetri e specchi su misura\",\"publisher\":{\"@id\":\"https:\\\/\\\/www.vetreriarodi.it\\\/#organization\"},\"potentialAction\":[{\"@type\":\"SearchAction\",\"target\":{\"@type\":\"EntryPoint\",\"urlTemplate\":\"https:\\\/\\\/www.vetreriarodi.it\\\/?s={search_term_string}\"},\"query-input\":{\"@type\":\"PropertyValueSpecification\",\"valueRequired\":true,\"valueName\":\"search_term_string\"}}],\"inLanguage\":\"it-IT\"},{\"@type\":\"Organization\",\"@id\":\"https:\\\/\\\/www.vetreriarodi.it\\\/#organization\",\"name\":\"Vetreria Rodi Genova\",\"url\":\"https:\\\/\\\/www.vetreriarodi.it\\\/\",\"logo\":{\"@type\":\"ImageObject\",\"inLanguage\":\"it-IT\",\"@id\":\"https:\\\/\\\/www.vetreriarodi.it\\\/#\\\/schema\\\/logo\\\/image\\\/\",\"url\":\"https:\\\/\\\/www.vetreriarodi.it\\\/wp-content\\\/uploads\\\/2021\\\/11\\\/cropped-vetreriarodi-logo.png\",\"contentUrl\":\"https:\\\/\\\/www.vetreriarodi.it\\\/wp-content\\\/uploads\\\/2021\\\/11\\\/cropped-vetreriarodi-logo.png\",\"width\":340,\"height\":156,\"caption\":\"Vetreria Rodi Genova\"},\"image\":{\"@id\":\"https:\\\/\\\/www.vetreriarodi.it\\\/#\\\/schema\\\/logo\\\/image\\\/\"}}]}<\/script>\n<!-- \/ Yoast SEO plugin. -->","yoast_head_json":{"title":"Vetro Generico - Vetreria Rodi Genova","description":"Il vetro Stampato \u00e8 un vetro con una faccia traslucida. Nel vetro Retinato o Armato viene immersa un\u2019armatura di fili metallici cromati.","robots":{"index":"index","follow":"follow","max-snippet":"max-snippet:-1","max-image-preview":"max-image-preview:large","max-video-preview":"max-video-preview:-1"},"canonical":"https:\/\/www.vetreriarodi.it\/index.php\/prodotto\/vetro-generico\/","og_locale":"it_IT","og_type":"article","og_title":"Vetro Generico - Vetreria Rodi Genova","og_description":"Il vetro Stampato \u00e8 un vetro con una faccia traslucida. Nel vetro Retinato o Armato viene immersa un\u2019armatura di fili metallici cromati.","og_url":"https:\/\/www.vetreriarodi.it\/index.php\/prodotto\/vetro-generico\/","og_site_name":"Vetreria Rodi Genova","article_modified_time":"2024-09-16T14:39:41+00:00","og_image":[{"width":300,"height":300,"url":"https:\/\/www.vetreriarodi.it\/wp-content\/uploads\/2021\/01\/vetro-generico-new.jpg","type":"image\/jpeg"}],"twitter_card":"summary_large_image","twitter_misc":{"Tempo di lettura stimato":"1 minuto"},"schema":{"@context":"https:\/\/schema.org","@graph":[{"@type":"WebPage","@id":"https:\/\/www.vetreriarodi.it\/index.php\/prodotto\/vetro-generico\/","url":"https:\/\/www.vetreriarodi.it\/index.php\/prodotto\/vetro-generico\/","name":"Vetro Generico - Vetreria Rodi Genova","isPartOf":{"@id":"https:\/\/www.vetreriarodi.it\/#website"},"primaryImageOfPage":{"@id":"https:\/\/www.vetreriarodi.it\/index.php\/prodotto\/vetro-generico\/#primaryimage"},"image":{"@id":"https:\/\/www.vetreriarodi.it\/index.php\/prodotto\/vetro-generico\/#primaryimage"},"thumbnailUrl":"https:\/\/www.vetreriarodi.it\/wp-content\/uploads\/2021\/01\/vetro-generico-new.jpg","datePublished":"2021-01-13T15:18:12+00:00","dateModified":"2024-09-16T14:39:41+00:00","description":"Il vetro Stampato \u00e8 un vetro con una faccia traslucida. Nel vetro Retinato o Armato viene immersa un\u2019armatura di fili metallici cromati.","breadcrumb":{"@id":"https:\/\/www.vetreriarodi.it\/index.php\/prodotto\/vetro-generico\/#breadcrumb"},"inLanguage":"it-IT","potentialAction":[{"@type":"ReadAction","target":["https:\/\/www.vetreriarodi.it\/index.php\/prodotto\/vetro-generico\/"]}]},{"@type":"ImageObject","inLanguage":"it-IT","@id":"https:\/\/www.vetreriarodi.it\/index.php\/prodotto\/vetro-generico\/#primaryimage","url":"https:\/\/www.vetreriarodi.it\/wp-content\/uploads\/2021\/01\/vetro-generico-new.jpg","contentUrl":"https:\/\/www.vetreriarodi.it\/wp-content\/uploads\/2021\/01\/vetro-generico-new.jpg","width":300,"height":300},{"@type":"BreadcrumbList","@id":"https:\/\/www.vetreriarodi.it\/index.php\/prodotto\/vetro-generico\/#breadcrumb","itemListElement":[{"@type":"ListItem","position":1,"name":"Home","item":"https:\/\/www.vetreriarodi.it\/"},{"@type":"ListItem","position":2,"name":"Shop","item":"https:\/\/www.vetreriarodi.it\/index.php\/negozio\/"},{"@type":"ListItem","position":3,"name":"Vetro Generico"}]},{"@type":"WebSite","@id":"https:\/\/www.vetreriarodi.it\/#website","url":"https:\/\/www.vetreriarodi.it\/","name":"Vetreria Rodi Genova","description":"Vetri e specchi su misura","publisher":{"@id":"https:\/\/www.vetreriarodi.it\/#organization"},"potentialAction":[{"@type":"SearchAction","target":{"@type":"EntryPoint","urlTemplate":"https:\/\/www.vetreriarodi.it\/?s={search_term_string}"},"query-input":{"@type":"PropertyValueSpecification","valueRequired":true,"valueName":"search_term_string"}}],"inLanguage":"it-IT"},{"@type":"Organization","@id":"https:\/\/www.vetreriarodi.it\/#organization","name":"Vetreria Rodi Genova","url":"https:\/\/www.vetreriarodi.it\/","logo":{"@type":"ImageObject","inLanguage":"it-IT","@id":"https:\/\/www.vetreriarodi.it\/#\/schema\/logo\/image\/","url":"https:\/\/www.vetreriarodi.it\/wp-content\/uploads\/2021\/11\/cropped-vetreriarodi-logo.png","contentUrl":"https:\/\/www.vetreriarodi.it\/wp-content\/uploads\/2021\/11\/cropped-vetreriarodi-logo.png","width":340,"height":156,"caption":"Vetreria Rodi Genova"},"image":{"@id":"https:\/\/www.vetreriarodi.it\/#\/schema\/logo\/image\/"}}]}},"_links":{"self":[{"href":"https:\/\/www.vetreriarodi.it\/index.php\/wp-json\/wp\/v2\/product\/930","targetHints":{"allow":["GET"]}}],"collection":[{"href":"https:\/\/www.vetreriarodi.it\/index.php\/wp-json\/wp\/v2\/product"}],"about":[{"href":"https:\/\/www.vetreriarodi.it\/index.php\/wp-json\/wp\/v2\/types\/product"}],"wp:featuredmedia":[{"embeddable":true,"href":"https:\/\/www.vetreriarodi.it\/index.php\/wp-json\/wp\/v2\/media\/1018"}],"wp:attachment":[{"href":"https:\/\/www.vetreriarodi.it\/index.php\/wp-json\/wp\/v2\/media?parent=930"}],"wp:term":[{"taxonomy":"product_brand","embeddable":true,"href":"https:\/\/www.vetreriarodi.it\/index.php\/wp-json\/wp\/v2\/product_brand?post=930"},{"taxonomy":"product_cat","embeddable":true,"href":"https:\/\/www.vetreriarodi.it\/index.php\/wp-json\/wp\/v2\/product_cat?post=930"},{"taxonomy":"product_tag","embeddable":true,"href":"https:\/\/www.vetreriarodi.it\/index.php\/wp-json\/wp\/v2\/product_tag?post=930"}],"curies":[{"name":"wp","href":"https:\/\/api.w.org\/{rel}","templated":true}]}}